{"id":1267,"date":"2025-02-14T09:53:51","date_gmt":"2025-02-14T09:53:51","guid":{"rendered":"https:\/\/bjarke-stal.se\/?page_id=1267"},"modified":"2025-02-27T12:44:14","modified_gmt":"2025-02-27T12:44:14","slug":"om-oss-2","status":"publish","type":"page","link":"https:\/\/bjarke-stal.se\/?page_id=1267","title":{"rendered":"Om oss"},"content":{"rendered":"<p>[et_pb_section fb_built=&#8221;1&#8243; _builder_version=&#8221;4.27.0&#8243; _module_preset=&#8221;default&#8221; background_color=&#8221;#f6f5f3&#8243; custom_margin=&#8221;-105px||||false|false&#8221; custom_margin_tablet=&#8221;-21px||||false|false&#8221; custom_margin_phone=&#8221;-38px||||false|false&#8221; custom_margin_last_edited=&#8221;on|tablet&#8221; custom_padding=&#8221;||2px|||&#8221; global_colors_info=&#8221;{}&#8221;][et_pb_row column_structure=&#8221;1_2,1_2&#8243; use_custom_gutter=&#8221;on&#8221; gutter_width=&#8221;1&#8243; make_equal=&#8221;on&#8221; custom_padding_last_edited=&#8221;on|tablet&#8221; disabled_on=&#8221;off|off|off&#8221; _builder_version=&#8221;4.27.0&#8243; _module_preset=&#8221;default&#8221; width=&#8221;75%&#8221; width_tablet=&#8221;90%&#8221; width_phone=&#8221;90%&#8221; width_last_edited=&#8221;on|phone&#8221; max_width=&#8221;100%&#8221; custom_padding=&#8221;126px||80px||false|false&#8221; custom_padding_tablet=&#8221;0px||48px||false|false&#8221; custom_padding_phone=&#8221;0px||||false|false&#8221; global_colors_info=&#8221;{}&#8221;][et_pb_column type=&#8221;1_2&#8243; _builder_version=&#8221;4.27.0&#8243; _module_preset=&#8221;default&#8221; background_color=&#8221;#FFFFFF&#8221; custom_padding=&#8221;6%|4%|0px|4%|false|true&#8221; custom_padding_tablet=&#8221;6%|4%|0px|4%|false|true&#8221; custom_padding_phone=&#8221;12%||||false|true&#8221; custom_padding_last_edited=&#8221;on|phone&#8221; global_colors_info=&#8221;{}&#8221;][et_pb_text _builder_version=&#8221;4.27.0&#8243; _module_preset=&#8221;default&#8221; header_2_font_size=&#8221;58px&#8221; custom_margin=&#8221;21px||21px||true|false&#8221; hover_enabled=&#8221;0&#8243; header_font_size_tablet=&#8221;52px&#8221; header_font_size_phone=&#8221;38px&#8221; header_font_size_last_edited=&#8221;on|phone&#8221; global_colors_info=&#8221;{}&#8221; sticky_enabled=&#8221;0&#8243;]<\/p>\n<h1>Om oss<\/h1>\n<p>[\/et_pb_text][et_pb_text _builder_version=&#8221;4.27.0&#8243; _module_preset=&#8221;default&#8221; text_text_color=&#8221;#30201E&#8221; global_colors_info=&#8221;{}&#8221;]<\/p>\n<p data-pm-slice=\"1 1 []\"><span>Bj\u00e4rke St\u00e5l AB grundades 1984 i Sollebrunn och har sedan dess utvecklats till en ledande akt\u00f6r inom r\u00e4ckestillverkning i Sverige. Det som b\u00f6rjade som ett lokalt initiativ har vuxit till ett f\u00f6retag med drygt 50 anst\u00e4llda och en bred kundkrets \u00f6ver hela landet. Med en stark tradition av hantverk och en vilja att st\u00e4ndigt f\u00f6rb\u00e4ttras, levererar vi idag s\u00e4kra, h\u00e5llbara och estetiskt tilltalande r\u00e4ckesl\u00f6sningar f\u00f6r alla typer av byggprojekt.<\/span><\/p>\n<p>[\/et_pb_text][et_pb_button button_url=&#8221;@ET-DC@eyJkeW5hbWljIjp0cnVlLCJjb250ZW50IjoicG9zdF9saW5rX3VybF9wYWdlIiwic2V0dGluZ3MiOnsicG9zdF9pZCI6Ijc5MSJ9fQ==@&#8221; button_text=&#8221;Kontakta oss&#8221; _builder_version=&#8221;4.27.0&#8243; _dynamic_attributes=&#8221;button_url&#8221; _module_preset=&#8221;default&#8221; button_text_color=&#8221;#FAF9F8&#8243; button_bg_color=&#8221;#9B342B&#8221; button_border_color=&#8221;RGBA(255,255,255,0)&#8221; custom_margin=&#8221;42px||30px||false|false&#8221; global_colors_info=&#8221;{}&#8221; button_text_color__hover_enabled=&#8221;on|hover&#8221; button_text_color__hover=&#8221;#9B342B&#8221; button_bg_color__hover=&#8221;#FAF9F8&#8243; button_bg_enable_color__hover=&#8221;on&#8221; button_border_color__hover_enabled=&#8221;on|hover&#8221; button_border_color__hover=&#8221;#9B342B&#8221;][\/et_pb_button][\/et_pb_column][et_pb_column type=&#8221;1_2&#8243; _builder_version=&#8221;4.27.0&#8243; _module_preset=&#8221;default&#8221; global_colors_info=&#8221;{}&#8221;][et_pb_image src=&#8221;https:\/\/bjarke-stal.se\/wp-content\/uploads\/2025\/02\/9C8A4127-2.jpg&#8221; title_text=&#8221;9C8A4127-2&#8243; _builder_version=&#8221;4.27.0&#8243; _module_preset=&#8221;default&#8221; global_colors_info=&#8221;{}&#8221;][\/et_pb_image][\/et_pb_column][\/et_pb_row][et_pb_row column_structure=&#8221;1_2,1_2&#8243; use_custom_gutter=&#8221;on&#8221; gutter_width=&#8221;1&#8243; make_equal=&#8221;on&#8221; custom_padding_last_edited=&#8221;on|tablet&#8221; disabled_on=&#8221;off|off|on&#8221; _builder_version=&#8221;4.27.0&#8243; _module_preset=&#8221;default&#8221; width=&#8221;75%&#8221; width_tablet=&#8221;90%&#8221; width_phone=&#8221;90%&#8221; width_last_edited=&#8221;on|phone&#8221; max_width=&#8221;100%&#8221; custom_padding=&#8221;84px||109px||false|false&#8221; custom_padding_tablet=&#8221;0px||48px||false|false&#8221; custom_padding_phone=&#8221;0px||||false|false&#8221; global_colors_info=&#8221;{}&#8221;][et_pb_column type=&#8221;1_2&#8243; _builder_version=&#8221;4.27.0&#8243; _module_preset=&#8221;default&#8221; background_color=&#8221;#FFFFFF&#8221; custom_padding=&#8221;6%|4%|0px|4%|false|true&#8221; custom_padding_tablet=&#8221;6%|4%|0px|4%|false|true&#8221; custom_padding_phone=&#8221;12%||||false|true&#8221; custom_padding_last_edited=&#8221;on|phone&#8221; global_colors_info=&#8221;{}&#8221;][et_pb_text _builder_version=&#8221;4.27.0&#8243; _module_preset=&#8221;default&#8221; header_2_font_size=&#8221;58px&#8221; custom_margin=&#8221;21px||21px||true|false&#8221; header_2_font_size_phone=&#8221;26px&#8221; global_colors_info=&#8221;{}&#8221;]<\/p>\n<h2>Skr\u00e4ddarsydda l\u00f6sningar med kvalitet i fokus<\/h2>\n<p>[\/et_pb_text][et_pb_text _builder_version=&#8221;4.27.0&#8243; _module_preset=&#8221;default&#8221; text_text_color=&#8221;#30201E&#8221; global_colors_info=&#8221;{}&#8221;]<\/p>\n<p data-pm-slice=\"1 1 []\"><span>Vi \u00e4r specialister p\u00e5 trappr\u00e4cken, skyddsr\u00e4cken, balkongr\u00e4cken, loftg\u00e5ngsr\u00e4cken och ledst\u00e4nger. V\u00e5r expertis g\u00f6r det m\u00f6jligt f\u00f6r oss att skapa skr\u00e4ddarsydda l\u00f6sningar som uppfyller v\u00e5ra kunders specifika behov. Vi arbetar n\u00e4ra v\u00e5ra kunder genom hela processen \u2013 fr\u00e5n uppm\u00e4tning p\u00e5 plats, design och produktion till montering och slutkontroll. Genom noggrannhet och engagemang ser vi till att resultatet alltid h\u00e5ller h\u00f6gsta standard.<\/span><\/p>\n<p>[\/et_pb_text][et_pb_button button_url=&#8221;@ET-DC@eyJkeW5hbWljIjp0cnVlLCJjb250ZW50IjoicG9zdF9saW5rX3VybF9wYWdlIiwic2V0dGluZ3MiOnsicG9zdF9pZCI6IjEzMjQifX0=@&#8221; button_text=&#8221;Se tidigare projekt&#8221; _builder_version=&#8221;4.27.0&#8243; _dynamic_attributes=&#8221;button_url&#8221; _module_preset=&#8221;default&#8221; button_text_color=&#8221;#FAF9F8&#8243; button_bg_color=&#8221;#9B342B&#8221; button_border_color=&#8221;RGBA(255,255,255,0)&#8221; custom_margin=&#8221;42px||30px||false|false&#8221; global_colors_info=&#8221;{}&#8221; button_text_color__hover_enabled=&#8221;on|hover&#8221; button_text_color__hover=&#8221;#9B342B&#8221;][\/et_pb_button][\/et_pb_column][et_pb_column type=&#8221;1_2&#8243; _builder_version=&#8221;4.27.0&#8243; _module_preset=&#8221;default&#8221; global_colors_info=&#8221;{}&#8221;][et_pb_image src=&#8221;https:\/\/bjarke-stal.se\/wp-content\/uploads\/2025\/02\/9C8A3848-2-1.jpg&#8221; title_text=&#8221;9C8A3848-2&#8243; _builder_version=&#8221;4.27.0&#8243; _module_preset=&#8221;default&#8221; global_colors_info=&#8221;{}&#8221;][\/et_pb_image][\/et_pb_column][\/et_pb_row][et_pb_row column_structure=&#8221;1_2,1_2&#8243; use_custom_gutter=&#8221;on&#8221; gutter_width=&#8221;1&#8243; make_equal=&#8221;on&#8221; disabled_on=&#8221;on|on|off&#8221; _builder_version=&#8221;4.27.0&#8243; _module_preset=&#8221;default&#8221; width=&#8221;75%&#8221; max_width=&#8221;100%&#8221; custom_margin=&#8221;||108px||false|false&#8221; custom_padding=&#8221;9px||9px||false|&#8221; global_colors_info=&#8221;{}&#8221;][et_pb_column type=&#8221;1_2&#8243; _builder_version=&#8221;4.27.0&#8243; _module_preset=&#8221;default&#8221; global_colors_info=&#8221;{}&#8221;][et_pb_image src=&#8221;https:\/\/bjarke-stal.se\/wp-content\/uploads\/2025\/02\/9C8A3848-2.jpg&#8221; title_text=&#8221;9C8A3848-2&#8243; _builder_version=&#8221;4.27.0&#8243; _module_preset=&#8221;default&#8221; global_colors_info=&#8221;{}&#8221;][\/et_pb_image][\/et_pb_column][et_pb_column type=&#8221;1_2&#8243; _builder_version=&#8221;4.27.0&#8243; _module_preset=&#8221;default&#8221; background_color=&#8221;#FFFFFF&#8221; custom_padding=&#8221;3%|4%||4%|false|true&#8221; global_colors_info=&#8221;{}&#8221;][et_pb_text _builder_version=&#8221;4.27.0&#8243; _module_preset=&#8221;default&#8221; header_2_font_size=&#8221;37px&#8221; custom_margin=&#8221;-2px||-2px||true|false&#8221; global_colors_info=&#8221;{}&#8221;]<\/p>\n<h2 data-pm-slice=\"1 1 []\"><span>Skr\u00e4ddarsydda l\u00f6sningar med kvalitet i fokus<\/span><\/h2>\n<p>[\/et_pb_text][et_pb_text _builder_version=&#8221;4.27.0&#8243; _module_preset=&#8221;default&#8221; custom_margin=&#8221;0px||35px||false|false&#8221; global_colors_info=&#8221;{}&#8221;]<\/p>\n<p data-pm-slice=\"1 1 []\"><span>Vi \u00e4r specialister p\u00e5 trappr\u00e4cken, skyddsr\u00e4cken, balkongr\u00e4cken, loftg\u00e5ngsr\u00e4cken och ledst\u00e4nger. V\u00e5r expertis g\u00f6r det m\u00f6jligt f\u00f6r oss att skapa skr\u00e4ddarsydda l\u00f6sningar som uppfyller v\u00e5ra kunders specifika behov. Vi arbetar n\u00e4ra v\u00e5ra kunder genom hela processen \u2013 fr\u00e5n uppm\u00e4tning p\u00e5 plats, design och produktion till montering och slutkontroll. Genom noggrannhet och engagemang ser vi till att resultatet alltid h\u00e5ller h\u00f6gsta standard.<\/span><\/p>\n<p>[\/et_pb_text][et_pb_button button_url=&#8221;@ET-DC@eyJkeW5hbWljIjp0cnVlLCJjb250ZW50IjoicG9zdF9saW5rX3VybF9wYWdlIiwic2V0dGluZ3MiOnsicG9zdF9pZCI6IjEzMjQifX0=@&#8221; button_text=&#8221;Se tidigare projekt&#8221; _builder_version=&#8221;4.27.0&#8243; _dynamic_attributes=&#8221;button_url&#8221; _module_preset=&#8221;default&#8221; custom_margin=&#8221;42px||30px||false|false&#8221; global_colors_info=&#8221;{}&#8221; button_text_color__hover=&#8221;#9B342B&#8221; button_text_color__hover_enabled=&#8221;on|hover&#8221;][\/et_pb_button][\/et_pb_column][\/et_pb_row][et_pb_row column_structure=&#8221;1_2,1_2&#8243; use_custom_gutter=&#8221;on&#8221; gutter_width=&#8221;1&#8243; make_equal=&#8221;on&#8221; custom_padding_last_edited=&#8221;on|tablet&#8221; _builder_version=&#8221;4.27.0&#8243; _module_preset=&#8221;default&#8221; width=&#8221;75%&#8221; width_tablet=&#8221;90%&#8221; width_phone=&#8221;90%&#8221; width_last_edited=&#8221;on|phone&#8221; max_width=&#8221;100%&#8221; custom_padding=&#8221;3px||109px||false|false&#8221; custom_padding_tablet=&#8221;0px||48px||false|false&#8221; custom_padding_phone=&#8221;0px||||false|false&#8221; global_colors_info=&#8221;{}&#8221;][et_pb_column type=&#8221;1_2&#8243; _builder_version=&#8221;4.27.0&#8243; _module_preset=&#8221;default&#8221; background_color=&#8221;#FFFFFF&#8221; custom_padding=&#8221;6%|4%|0px|4%|false|true&#8221; custom_padding_tablet=&#8221;6%|4%|0px|4%|false|true&#8221; custom_padding_phone=&#8221;12%||26px||false|true&#8221; custom_padding_last_edited=&#8221;on|phone&#8221; global_colors_info=&#8221;{}&#8221;][et_pb_text _builder_version=&#8221;4.27.0&#8243; _module_preset=&#8221;default&#8221; header_text_color=&#8221;#3d3d3d&#8221; custom_margin=&#8221;0px||28px||false|false&#8221; global_colors_info=&#8221;{}&#8221;]<\/p>\n<h2 data-pm-slice=\"1 1 []\"><span>V\u00e5r h\u00e5llbarhetsvision \u2013 ansvar f\u00f6r framtiden<\/span><\/h2>\n<p>[\/et_pb_text][et_pb_text _builder_version=&#8221;4.27.0&#8243; _module_preset=&#8221;default&#8221; text_text_color=&#8221;#30201E&#8221; global_colors_info=&#8221;{}&#8221;]<\/p>\n<p data-pm-slice=\"1 1 []\"><span>H\u00e5llbarhet \u00e4r en central del av v\u00e5r verksamhet. Vi arbetar aktivt med \u00e5tervinning, energieffektiva processer och har en solcellsanl\u00e4ggning som t\u00e4cker en tredjedel av v\u00e5r energif\u00f6rbrukning. Genom att kontinuerligt utveckla v\u00e5ra metoder och anv\u00e4nda modern teknik minimerar vi v\u00e5rt klimatavtryck. Hos Bj\u00e4rke St\u00e5l AB f\u00e5r du inte bara en p\u00e5litlig partner f\u00f6r ditt byggprojekt, utan ocks\u00e5 en leverant\u00f6r som tar ansvar f\u00f6r milj\u00f6n och kommande generationer.<\/span><\/p>\n<p>[\/et_pb_text][\/et_pb_column][et_pb_column type=&#8221;1_2&#8243; _builder_version=&#8221;4.27.0&#8243; _module_preset=&#8221;default&#8221; global_colors_info=&#8221;{}&#8221;][et_pb_image src=&#8221;https:\/\/bjarke-stal.se\/wp-content\/uploads\/2025\/02\/9C8A3855-2.jpg&#8221; title_text=&#8221;9C8A3855-2&#8243; _builder_version=&#8221;4.27.0&#8243; _module_preset=&#8221;default&#8221; global_colors_info=&#8221;{}&#8221;][\/et_pb_image][\/et_pb_column][\/et_pb_row][et_pb_row column_structure=&#8221;1_2,1_2&#8243; use_custom_gutter=&#8221;on&#8221; gutter_width=&#8221;1&#8243; make_equal=&#8221;on&#8221; custom_padding_last_edited=&#8221;on|tablet&#8221; disabled_on=&#8221;off|off|on&#8221; _builder_version=&#8221;4.27.0&#8243; _module_preset=&#8221;default&#8221; width=&#8221;75%&#8221; width_tablet=&#8221;90%&#8221; width_phone=&#8221;90%&#8221; width_last_edited=&#8221;on|phone&#8221; max_width=&#8221;100%&#8221; custom_padding=&#8221;3px||109px||false|false&#8221; custom_padding_tablet=&#8221;0px||48px||false|false&#8221; custom_padding_phone=&#8221;0px||||false|false&#8221; global_colors_info=&#8221;{}&#8221;][et_pb_column type=&#8221;1_2&#8243; _builder_version=&#8221;4.27.0&#8243; _module_preset=&#8221;default&#8221; background_color=&#8221;#FFFFFF&#8221; custom_padding=&#8221;6%|4%|0px|4%|false|true&#8221; custom_padding_tablet=&#8221;6%|4%|0px|4%|false|true&#8221; custom_padding_phone=&#8221;12%||26px||false|true&#8221; custom_padding_last_edited=&#8221;on|phone&#8221; global_colors_info=&#8221;{}&#8221;][et_pb_text _builder_version=&#8221;4.27.0&#8243; _module_preset=&#8221;default&#8221; header_text_color=&#8221;#3d3d3d&#8221; custom_margin=&#8221;0px||28px||false|false&#8221; global_colors_info=&#8221;{}&#8221;]<\/p>\n<h2 data-pm-slice=\"1 1 []\"><span>Certifieringar &#8211; kvalitet &amp; s\u00e4kerhet i varje led<\/span><\/h2>\n<p>[\/et_pb_text][et_pb_text _builder_version=&#8221;4.27.0&#8243; _module_preset=&#8221;default&#8221; global_colors_info=&#8221;{}&#8221;]<\/p>\n<p data-pm-slice=\"1 1 []\"><span>Sedan 2014 \u00e4r Bj\u00e4rke St\u00e5l AB certifierade enligt EN 1090-1 EXC 2 och ISO 3834-3. Dessa certifieringar inneb\u00e4r att vi uppfyller h\u00f6gt st\u00e4llda krav p\u00e5 svetsning och produktion av b\u00e4rande st\u00e5lkonstruktioner. Genom att f\u00f6lja dessa standarder s\u00e4kerst\u00e4ller vi att v\u00e5ra produkter alltid h\u00e5ller h\u00f6gsta kvalitet och uppfyller g\u00e4llande s\u00e4kerhetskrav.<\/span><\/p>\n<p>[\/et_pb_text][\/et_pb_column][et_pb_column type=&#8221;1_2&#8243; _builder_version=&#8221;4.27.0&#8243; _module_preset=&#8221;default&#8221; background_color=&#8221;#FFFFFF&#8221; global_colors_info=&#8221;{}&#8221;][et_pb_image src=&#8221;https:\/\/bjarke-stal.se\/wp-content\/uploads\/2024\/10\/A3CERT_EN-1090-1-300&#215;3001-1.jpg&#8221; title_text=&#8221;A3CERT_EN-1090-1-300&#215;3001-1&#8243; align=&#8221;center&#8221; _builder_version=&#8221;4.27.0&#8243; _module_preset=&#8221;default&#8221; global_colors_info=&#8221;{}&#8221;][\/et_pb_image][et_pb_image src=&#8221;https:\/\/bjarke-stal.se\/wp-content\/uploads\/2024\/10\/A3CERT_ISO-3834-3-300&#215;3001-1.jpg&#8221; title_text=&#8221;A3CERT_ISO-3834-3-300&#215;3001-1&#8243; align=&#8221;center&#8221; _builder_version=&#8221;4.27.0&#8243; _module_preset=&#8221;default&#8221; global_colors_info=&#8221;{}&#8221;][\/et_pb_image][\/et_pb_column][\/et_pb_row][et_pb_row column_structure=&#8221;1_4,1_4,1_2&#8243; use_custom_gutter=&#8221;on&#8221; gutter_width=&#8221;4&#8243; make_equal=&#8221;on&#8221; disabled_on=&#8221;on|on|off&#8221; _builder_version=&#8221;4.27.0&#8243; _module_preset=&#8221;default&#8221; background_color=&#8221;#FFFFFF&#8221; width=&#8221;100%&#8221; max_width=&#8221;100%&#8221; custom_padding=&#8221;1.2%|15rem|1.2%|15rem|true|true&#8221; global_colors_info=&#8221;{}&#8221;][et_pb_column type=&#8221;1_4&#8243; _builder_version=&#8221;4.27.0&#8243; _module_preset=&#8221;default&#8221; custom_padding=&#8221;4%||||false|false&#8221; global_colors_info=&#8221;{}&#8221;][et_pb_image src=&#8221;https:\/\/bjarke-stal.se\/wp-content\/uploads\/2024\/10\/A3CERT_EN-1090-1-300&#215;3001-1.jpg&#8221; title_text=&#8221;A3CERT_EN-1090-1-300&#215;3001-1&#8243; _builder_version=&#8221;4.27.0&#8243; _module_preset=&#8221;default&#8221; global_colors_info=&#8221;{}&#8221;][\/et_pb_image][\/et_pb_column][et_pb_column type=&#8221;1_4&#8243; _builder_version=&#8221;4.27.0&#8243; _module_preset=&#8221;default&#8221; custom_padding=&#8221;4%||||false|false&#8221; global_colors_info=&#8221;{}&#8221;][et_pb_image src=&#8221;https:\/\/bjarke-stal.se\/wp-content\/uploads\/2024\/10\/A3CERT_ISO-3834-3-300&#215;3001-1.jpg&#8221; title_text=&#8221;A3CERT_ISO-3834-3-300&#215;3001-1&#8243; _builder_version=&#8221;4.27.0&#8243; _module_preset=&#8221;default&#8221; global_colors_info=&#8221;{}&#8221;][\/et_pb_image][\/et_pb_column][et_pb_column type=&#8221;1_2&#8243; _builder_version=&#8221;4.27.0&#8243; _module_preset=&#8221;default&#8221; custom_padding=&#8221;6%||||false|false&#8221; global_colors_info=&#8221;{}&#8221;][et_pb_text _builder_version=&#8221;4.27.0&#8243; _module_preset=&#8221;default&#8221; header_text_color=&#8221;rgba(56,56,56,0.96)&#8221; min_height=&#8221;109.4px&#8221; custom_margin=&#8221;1px||1px||true|false&#8221; custom_padding=&#8221;0px||19px||false|false&#8221; global_colors_info=&#8221;{}&#8221;]<\/p>\n<h2 data-pm-slice=\"1 1 []\"><span>Certifieringar \u2013 kvalitet och s\u00e4kerhet i varje led<\/span><\/h2>\n<p>[\/et_pb_text][et_pb_text _builder_version=&#8221;4.27.0&#8243; _module_preset=&#8221;default&#8221; custom_margin=&#8221;0px||35px||false|false&#8221; global_colors_info=&#8221;{}&#8221;]<\/p>\n<p data-pm-slice=\"1 1 []\"><span>Sedan 2014 \u00e4r Bj\u00e4rke St\u00e5l AB certifierade enligt EN 1090-1 EXC 2 och ISO 3834-3. Dessa certifieringar inneb\u00e4r att vi uppfyller h\u00f6gt st\u00e4llda krav p\u00e5 svetsning och produktion av b\u00e4rande st\u00e5lkonstruktioner. Genom att f\u00f6lja dessa standarder s\u00e4kerst\u00e4ller vi att v\u00e5ra produkter alltid h\u00e5ller h\u00f6gsta kvalitet och uppfyller g\u00e4llande s\u00e4kerhetskrav.<\/span><\/p>\n<p>&nbsp;<\/p>\n<p>[\/et_pb_text][\/et_pb_column][\/et_pb_row][\/et_pb_section]<\/p>\n","protected":false},"excerpt":{"rendered":"<p>Om ossBj\u00e4rke St\u00e5l AB grundades 1984 i Sollebrunn och har sedan dess utvecklats till en ledande akt\u00f6r inom r\u00e4ckestillverkning i Sverige. Det som b\u00f6rjade som ett lokalt initiativ har vuxit till ett f\u00f6retag med drygt 50 anst\u00e4llda och en bred kundkrets \u00f6ver hela landet. Med en stark tradition av hantverk och en vilja att st\u00e4ndigt [&hellip;]<\/p>\n","protected":false},"author":2,"featured_media":0,"parent":0,"menu_order":0,"comment_status":"closed","ping_status":"closed","template":"","meta":{"_et_pb_use_builder":"on","_et_pb_old_content":"","_et_gb_content_width":"","footnotes":""},"class_list":["post-1267","page","type-page","status-publish","hentry"],"_links":{"self":[{"href":"https:\/\/bjarke-stal.se\/index.php?rest_route=\/wp\/v2\/pages\/1267","targetHints":{"allow":["GET"]}}],"collection":[{"href":"https:\/\/bjarke-stal.se\/index.php?rest_route=\/wp\/v2\/pages"}],"about":[{"href":"https:\/\/bjarke-stal.se\/index.php?rest_route=\/wp\/v2\/types\/page"}],"author":[{"embeddable":true,"href":"https:\/\/bjarke-stal.se\/index.php?rest_route=\/wp\/v2\/users\/2"}],"replies":[{"embeddable":true,"href":"https:\/\/bjarke-stal.se\/index.php?rest_route=%2Fwp%2Fv2%2Fcomments&post=1267"}],"version-history":[{"count":76,"href":"https:\/\/bjarke-stal.se\/index.php?rest_route=\/wp\/v2\/pages\/1267\/revisions"}],"predecessor-version":[{"id":232859,"href":"https:\/\/bjarke-stal.se\/index.php?rest_route=\/wp\/v2\/pages\/1267\/revisions\/232859"}],"wp:attachment":[{"href":"https:\/\/bjarke-stal.se\/index.php?rest_route=%2Fwp%2Fv2%2Fmedia&parent=1267"}],"curies":[{"name":"wp","href":"https:\/\/api.w.org\/{rel}","templated":true}]}}